
{"id":6211,"date":"2023-05-31T21:43:54","date_gmt":"2023-05-31T19:43:54","guid":{"rendered":"http:\/\/antymatrix.blog.polityka.pl\/?page_id=6211"},"modified":"2025-11-30T20:15:05","modified_gmt":"2025-11-30T19:15:05","slug":"podkast-rozumiec-ukraine","status":"publish","type":"page","link":"https:\/\/blog.polityka.pl\/antymatrix\/podkast-rozumiec-ukraine\/","title":{"rendered":"Podkast &#8222;Rozumie\u0107 Ukrain\u0119&#8221;"},"content":{"rendered":"\n<p>Ukraina walczy i si\u0119 zmienia. Z czego wynika odporno\u015b\u0107 Ukrainek i Ukrai\u0144c\u00f3w? Kt\u00f3re mity historyczne i bohaterowie ich inspiruj\u0105? Jak planuj\u0105 odbudow\u0119? Jakie s\u0105 scenariusze na przysz\u0142o\u015b\u0107? Jak rozumiej\u0105, definiuj\u0105 i spieraj\u0105 si\u0119 o fundamenty swojej to\u017csamo\u015bci. Prowadzone w czasie wojny badania spo\u0142eczne ods\u0142aniaj\u0105 jak dramatycznie, czasem zaskakuj\u0105co zmienia si\u0119 ukrai\u0144skie spo\u0142ecze\u0144stwo. Tak jak i pa\u0144stwo, czy gospodarka. <\/p>\n\n\n\n<figure class=\"wp-block-image size-full\"><img loading=\"lazy\" decoding=\"async\" width=\"768\" height=\"775\" src=\"\/antymatrix\/wp-content\/uploads\/2025\/11\/rozumiec-ukraine-okladka-768x775-1.png\" alt=\"\" class=\"wp-image-6503\"\/><\/figure>\n\n\n\n<p><strong><a href=\"https:\/\/www.batory.org.pl\/podcasty\/rozumiec-ukraine\/\" target=\"_blank\" rel=\"noreferrer noopener\">W podka\u015bcie Edwina Bendyka i Agnieszki Lichnerowicz Rozumie\u0107 Ukrain\u0119<\/a><\/strong> b\u0119dziemy przedziera\u0107 si\u0119 przez tzw. \u201cmg\u0142\u0119 wojny\u201d, stereotypy i powierzchowne przekonania, by lepiej rozumie\u0107 te fascynuj\u0105ce zmiany. Ukrai\u0144cy zmieni\u0105 te\u017c bowiem nas i ca\u0142\u0105 Europ\u0119. I inspiruj\u0105, ju\u017c od dawna Ukraina jest swoistym laboratorium, w kt\u00f3rym obywatele wypracowuj\u0105 modele demokratyczne na XXI wiek, czasy niepewno\u015bci i kryzys\u00f3w.<\/p>\n\n\n\n<p>Przed Ukrai\u0144cami i Europejczykami najwi\u0119kszy proces odbudowy od II wojny \u015bwiatowej &#8211; b\u0119dziemy te\u017c rozmawia\u0107 o wyzwaniach, priorytetach i roli Polski. Oraz o przysz\u0142o\u015bci relacji polsko &#8211; ukrai\u0144skich i mi\u0119dzynarodowym uk\u0142adzie si\u0142. Zmierzymy si\u0119 z rzeczywisto\u015bci\u0105, a nie fantazjami.<\/p>\n","protected":false},"excerpt":{"rendered":"<p>Ukraina walczy i si\u0119 zmienia. Z czego wynika odporno\u015b\u0107 Ukrainek i Ukrai\u0144c\u00f3w? Kt\u00f3re mity historyczne i bohaterowie ich inspiruj\u0105? Jak planuj\u0105 odbudow\u0119? Jakie s\u0105 scenariusze na przysz\u0142o\u015b\u0107? Jak rozumiej\u0105, definiuj\u0105 i spieraj\u0105 si\u0119 o fundamenty swojej to\u017csamo\u015bci. Prowadzone w czasie wojny badania spo\u0142eczne ods\u0142aniaj\u0105 jak dramatycznie, czasem zaskakuj\u0105co zmienia si\u0119 ukrai\u0144skie spo\u0142ecze\u0144stwo. Tak jak i [&hellip;]<\/p>\n","protected":false},"author":1,"featured_media":0,"parent":0,"menu_order":0,"comment_status":"closed","ping_status":"closed","template":"","meta":{"footnotes":""},"_links":{"self":[{"href":"https:\/\/blog.polityka.pl\/antymatrix\/wp-json\/wp\/v2\/pages\/6211"}],"collection":[{"href":"https:\/\/blog.polityka.pl\/antymatrix\/wp-json\/wp\/v2\/pages"}],"about":[{"href":"https:\/\/blog.polityka.pl\/antymatrix\/wp-json\/wp\/v2\/types\/page"}],"author":[{"embeddable":true,"href":"https:\/\/blog.polityka.pl\/antymatrix\/wp-json\/wp\/v2\/users\/1"}],"replies":[{"embeddable":true,"href":"https:\/\/blog.polityka.pl\/antymatrix\/wp-json\/wp\/v2\/comments?post=6211"}],"version-history":[{"count":4,"href":"https:\/\/blog.polityka.pl\/antymatrix\/wp-json\/wp\/v2\/pages\/6211\/revisions"}],"predecessor-version":[{"id":6507,"href":"https:\/\/blog.polityka.pl\/antymatrix\/wp-json\/wp\/v2\/pages\/6211\/revisions\/6507"}],"wp:attachment":[{"href":"https:\/\/blog.polityka.pl\/antymatrix\/wp-json\/wp\/v2\/media?parent=6211"}],"curies":[{"name":"wp","href":"https:\/\/api.w.org\/{rel}","templated":true}]}}