
{"id":12,"date":"2023-04-12T22:34:18","date_gmt":"2023-04-12T20:34:18","guid":{"rendered":"https:\/\/kobietybezdiety.blog.polityka.pl\/?page_id=12"},"modified":"2023-04-12T22:34:18","modified_gmt":"2023-04-12T20:34:18","slug":"o-autorkach","status":"publish","type":"page","link":"https:\/\/blog.polityka.pl\/kobietybezdiety\/o-autorkach\/","title":{"rendered":"O autorkach"},"content":{"rendered":"\n<p><strong>Katarzyna B\u0142a\u017cejewska-Stuhr<\/strong> &#8211; dietetyk kliniczny i psychodietetyk, prowadzi zaj\u0119cia na Warszawskim Uniwersytecie Medycznym, autorka felieton\u00f3w popularyzuj\u0105cych wiedz\u0119 \u017cywieniow\u0105 w magazynie &#8220;Zwierciad\u0142o&#8221; i w Radiu 357. Zajmuje si\u0119 przede wszystkim \u017cywieniem kobiet w ci\u0105\u017cy, autorka bloga <a href=\"https:\/\/kachblazejewska.pl\">kachblazejewska.pl<\/a>.<\/p>\n\n\n\n<p><strong>Daria Gradziuk<\/strong> jest psychologiem i psychodietetykiem, pracuje w obszarze analizy nawyk\u00f3w \u017cywieniowych, odzyskania kontroli nad jedzeniem, rozumienia w\u0142asnych emocji i motywacji w kontek\u015bcie \u017cywienia, g\u0142odu emocjonalnego, zajadania emocji.<\/p>\n\n\n\n<p><strong>Marta Kielak<\/strong> &#8211; dietetyk kliniczna i psychodietetyk. Wsp\u00f3\u0142autorka ksi\u0105\u017cek \u201eZdrowe koktajle\u201d, &#8220;Fit and sweet&#8221;, autorka e-book\u00f3w i publikacji prasowych. Kieruje si\u0119 zasad\u0105: jedzenie powinno by\u0107 pyszne, zdrowe i szybkie w przygotowaniu. Zach\u0119ca pacjent\u00f3w do stawiania ma\u0142ych krok\u00f3w, dzi\u0119ki czemu poznaj\u0105 sw\u00f3j organizm, zmieniaj\u0105 nawyki, wracaj\u0105 do zdrowia i aktywno\u015bci fizycznej.<\/p>\n\n\n\n<p><strong>El\u017cbieta Lange<\/strong> &#8211; psychoterapeutka specjalizuj\u0105ca si\u0119 w nurcie Gestalt, psychodietetyk, dyplomowany diet coach. Od lat prowadzi prywatn\u0105 praktyk\u0119 w gabinecie, warsztaty oraz grupy terapeutyczne. Autorka ksi\u0105\u017cek \u201eEmocje na talerzu\u201d,\u201eNie t(\u0142)ucz si\u0119 dietami\u201d, \u201eGdybym tylko schud\u0142a\u2026\u201d.<\/p>\n\n\n\n<p><strong>Agata Ziemnicka<\/strong> &#8211; psycholo\u017cka, dietetyczka, pracuje z osobami z zaburzeniami od\u017cywiania, wyznaje jedzenie intuicyjne i wierzy, \u017ce najwa\u017cniejsza w dbaniu o siebie jest cierpliwo\u015b\u0107.<\/p>\n","protected":false},"excerpt":{"rendered":"<p>Katarzyna B\u0142a\u017cejewska-Stuhr &#8211; dietetyk kliniczny i psychodietetyk, prowadzi zaj\u0119cia na Warszawskim Uniwersytecie Medycznym, autorka felieton\u00f3w popularyzuj\u0105cych wiedz\u0119 \u017cywieniow\u0105 w magazynie &#8220;Zwierciad\u0142o&#8221; i w Radiu 357. Zajmuje si\u0119 przede wszystkim \u017cywieniem kobiet w ci\u0105\u017cy, autorka bloga kachblazejewska.pl. Daria Gradziuk jest psychologiem i psychodietetykiem, pracuje w obszarze analizy nawyk\u00f3w \u017cywieniowych, odzyskania kontroli nad jedzeniem, rozumienia w\u0142asnych emocji [&hellip;]<\/p>\n","protected":false},"author":4,"featured_media":0,"parent":0,"menu_order":0,"comment_status":"closed","ping_status":"closed","template":"","meta":{"footnotes":""},"_links":{"self":[{"href":"https:\/\/blog.polityka.pl\/kobietybezdiety\/wp-json\/wp\/v2\/pages\/12"}],"collection":[{"href":"https:\/\/blog.polityka.pl\/kobietybezdiety\/wp-json\/wp\/v2\/pages"}],"about":[{"href":"https:\/\/blog.polityka.pl\/kobietybezdiety\/wp-json\/wp\/v2\/types\/page"}],"author":[{"embeddable":true,"href":"https:\/\/blog.polityka.pl\/kobietybezdiety\/wp-json\/wp\/v2\/users\/4"}],"replies":[{"embeddable":true,"href":"https:\/\/blog.polityka.pl\/kobietybezdiety\/wp-json\/wp\/v2\/comments?post=12"}],"version-history":[{"count":1,"href":"https:\/\/blog.polityka.pl\/kobietybezdiety\/wp-json\/wp\/v2\/pages\/12\/revisions"}],"predecessor-version":[{"id":13,"href":"https:\/\/blog.polityka.pl\/kobietybezdiety\/wp-json\/wp\/v2\/pages\/12\/revisions\/13"}],"wp:attachment":[{"href":"https:\/\/blog.polityka.pl\/kobietybezdiety\/wp-json\/wp\/v2\/media?parent=12"}],"curies":[{"name":"wp","href":"https:\/\/api.w.org\/{rel}","templated":true}]}}